{"id":125,"date":"2024-01-25T18:42:33","date_gmt":"2024-01-25T18:42:33","guid":{"rendered":"https:\/\/martorelli.com.br\/dialogoslegais\/?page_id=125"},"modified":"2026-05-08T18:20:04","modified_gmt":"2026-05-08T18:20:04","slug":"home","status":"publish","type":"page","link":"https:\/\/martorelli.com.br\/dialogoslegais\/","title":{"rendered":"Home"},"content":{"rendered":"\t\t<div data-elementor-type=\"wp-page\" data-elementor-id=\"125\" class=\"elementor elementor-125\" data-elementor-post-type=\"page\">\n\t\t\t\t<div class=\"elementor-element elementor-element-d8dcb6d e-con-full e-flex e-con e-parent\" data-id=\"d8dcb6d\" data-element_type=\"container\" data-e-type=\"container\">\n\t\t\t\t<div class=\"elementor-element elementor-element-c8dda9b de_scroll_animation_no elementor-widget elementor-widget-prime-slider-flogia\" data-id=\"c8dda9b\" data-element_type=\"widget\" data-e-type=\"widget\" data-widget_type=\"prime-slider-flogia.default\">\n\t\t\t\t<div class=\"elementor-widget-container\">\n\t\t\t\t\t\t\t<div class=\"bdt-prime-slider\">\n\t\t\t<div class=\"bdt-prime-slider-flogia\">\n\t\t\t\t<div class=\"bdt-position-relative bdt-visible-toggle\" id=\"bdt-c8dda9b\" bdt-slideshow=\"{&quot;animation&quot;:&quot;fade&quot;,&quot;ratio&quot;:&quot;16:9&quot;,&quot;min-height&quot;:&quot;520&quot;,&quot;autoplay&quot;:true,&quot;autoplay-interval&quot;:7000,&quot;pause-on-hover&quot;:false,&quot;velocity&quot;:1,&quot;finite&quot;:false}\">\n\t\t\t\t\t<ul class=\"bdt-slideshow-items\">\n\t\t\t\t\t\t\n                <li class=\"bdt-slideshow-item bdt-flex elementor-repeater-item-2066\">\n\n                                            <div class=\"bdt-position-cover bdt-animation-kenburns bdt-transform-origin-center-left\">\n                        \n                        \t\t\t\t\t\t<div class=\"bdt-ps-slide-img\"\n\t\t\t\t\t\t\tstyle=\"background-image: url('https:\/\/martorelli.com.br\/dialogoslegais\/wp-content\/uploads\/2025\/09\/Fachada-Justica-Social-2.png')\"><\/div>\n\t\t\t\t\t\t\n                                                <\/div>\n                    \n                                            <div class=\"bdt-overlay-default bdt-position-cover\"><\/div>\n                    \n                    \n        <div class=\"bdt-ps-container\">\n            <div class=\"bdt-ps-content\">\n\n                                    <div class=\"bdt-ps-category-wrapper\" data-bdt-slideshow-parallax=\"y: 50,0,-50; opacity: 1,1,0\">\n                                <span class=\"bdt-ps-category\" data-reveal=\"reveal-active\">\n            <a href=\"https:\/\/martorelli.com.br\/dialogoslegais\/category\/trabalhista\/\" rel=\"tag\">Trabalhista<\/a>        <\/span>\n                            <\/div>\n                \n                                    <div class=\"bdt-main-title\">\n                                                    <h1 class=\"bdt-title-tag\" data-bdt-slideshow-parallax=\"y: 80,0,-80; opacity: 1,1,0\" data-reveal=\"reveal-active\">\n\n                                <a href=\"https:\/\/martorelli.com.br\/dialogoslegais\/o-julgamento-da-adc-80-e-os-impactos-da-concessao-da-gratuidade-judiciaria-no-ambito-das-acoes-bancarias-na-justica-do-trabalho\/\">\n                                    <span class=\"frist-word\">O<\/span> julgamento da ADC 80 e os impactos da concess\u00e3o da gratuidade judici\u00e1ria no \u00e2mbito das a\u00e7\u00f5es banc\u00e1rias na Justi\u00e7a do Trabalho                                <\/a>\n\n                            <\/h1>\n                        \n\n                        \n                    <\/div>\n                \n                \n            <\/div>\n        <\/div>\n\n        \n                    \n                <\/li>\n\n\n            \n                <li class=\"bdt-slideshow-item bdt-flex elementor-repeater-item-2062\">\n\n                                            <div class=\"bdt-position-cover bdt-animation-kenburns bdt-transform-origin-center-left\">\n                        \n                        \t\t\t\t\t\t<div class=\"bdt-ps-slide-img\"\n\t\t\t\t\t\t\tstyle=\"background-image: url('https:\/\/martorelli.com.br\/dialogoslegais\/wp-content\/uploads\/2026\/09\/Padrao-Blog-Site-MA-51.png')\"><\/div>\n\t\t\t\t\t\t\n                                                <\/div>\n                    \n                                            <div class=\"bdt-overlay-default bdt-position-cover\"><\/div>\n                    \n                    \n        <div class=\"bdt-ps-container\">\n            <div class=\"bdt-ps-content\">\n\n                                    <div class=\"bdt-ps-category-wrapper\" data-bdt-slideshow-parallax=\"y: 50,0,-50; opacity: 1,1,0\">\n                                <span class=\"bdt-ps-category\" data-reveal=\"reveal-active\">\n            <a href=\"https:\/\/martorelli.com.br\/dialogoslegais\/category\/institucional\/\" rel=\"tag\">Institucional<\/a>        <\/span>\n                            <\/div>\n                \n                                    <div class=\"bdt-main-title\">\n                                                    <h1 class=\"bdt-title-tag\" data-bdt-slideshow-parallax=\"y: 80,0,-80; opacity: 1,1,0\" data-reveal=\"reveal-active\">\n\n                                <a href=\"https:\/\/martorelli.com.br\/dialogoslegais\/quando-a-inteligencia-artificial-faz-mais-o-que-cabe-a-nos-decidir\/\">\n                                    <span class=\"frist-word\">Quando<\/span> a intelig\u00eancia artificial faz mais, o que cabe a n\u00f3s decidir?                                <\/a>\n\n                            <\/h1>\n                        \n\n                        \n                    <\/div>\n                \n                \n            <\/div>\n        <\/div>\n\n        \n                    \n                <\/li>\n\n\n            \n                <li class=\"bdt-slideshow-item bdt-flex elementor-repeater-item-2057\">\n\n                                            <div class=\"bdt-position-cover bdt-animation-kenburns bdt-transform-origin-center-left\">\n                        \n                        \t\t\t\t\t\t<div class=\"bdt-ps-slide-img\"\n\t\t\t\t\t\t\tstyle=\"background-image: url('https:\/\/martorelli.com.br\/dialogoslegais\/wp-content\/uploads\/2026\/08\/Padrao-Blog-Site-MA-50.png')\"><\/div>\n\t\t\t\t\t\t\n                                                <\/div>\n                    \n                                            <div class=\"bdt-overlay-default bdt-position-cover\"><\/div>\n                    \n                    \n        <div class=\"bdt-ps-container\">\n            <div class=\"bdt-ps-content\">\n\n                                    <div class=\"bdt-ps-category-wrapper\" data-bdt-slideshow-parallax=\"y: 50,0,-50; opacity: 1,1,0\">\n                                <span class=\"bdt-ps-category\" data-reveal=\"reveal-active\">\n            <a href=\"https:\/\/martorelli.com.br\/dialogoslegais\/category\/trabalhista\/\" rel=\"tag\">Trabalhista<\/a>        <\/span>\n                            <\/div>\n                \n                                    <div class=\"bdt-main-title\">\n                                                    <h1 class=\"bdt-title-tag\" data-bdt-slideshow-parallax=\"y: 80,0,-80; opacity: 1,1,0\" data-reveal=\"reveal-active\">\n\n                                <a href=\"https:\/\/martorelli.com.br\/dialogoslegais\/justica-manda-casas-bahia-reverter-demissoes-veja-como-ficam-os-funcionarios\/\">\n                                    <span class=\"frist-word\">Justi\u00e7a<\/span> manda Casas Bahia reverter demiss\u00f5es; veja como ficam os funcion\u00e1rios                                <\/a>\n\n                            <\/h1>\n                        \n\n                        \n                    <\/div>\n                \n                \n            <\/div>\n        <\/div>\n\n        \n                    \n                <\/li>\n\n\n            \n                <li class=\"bdt-slideshow-item bdt-flex elementor-repeater-item-2055\">\n\n                                            <div class=\"bdt-position-cover bdt-animation-kenburns bdt-transform-origin-center-left\">\n                        \n                        \t\t\t\t\t\t<div class=\"bdt-ps-slide-img\"\n\t\t\t\t\t\t\tstyle=\"background-image: url('https:\/\/martorelli.com.br\/dialogoslegais\/wp-content\/uploads\/2025\/10\/Padrao-Blog-Site-MA-14-1.png')\"><\/div>\n\t\t\t\t\t\t\n                                                <\/div>\n                    \n                                            <div class=\"bdt-overlay-default bdt-position-cover\"><\/div>\n                    \n                    \n        <div class=\"bdt-ps-container\">\n            <div class=\"bdt-ps-content\">\n\n                                    <div class=\"bdt-ps-category-wrapper\" data-bdt-slideshow-parallax=\"y: 50,0,-50; opacity: 1,1,0\">\n                                <span class=\"bdt-ps-category\" data-reveal=\"reveal-active\">\n            <a href=\"https:\/\/martorelli.com.br\/dialogoslegais\/category\/trabalhista\/\" rel=\"tag\">Trabalhista<\/a>        <\/span>\n                            <\/div>\n                \n                                    <div class=\"bdt-main-title\">\n                                                    <h1 class=\"bdt-title-tag\" data-bdt-slideshow-parallax=\"y: 80,0,-80; opacity: 1,1,0\" data-reveal=\"reveal-active\">\n\n                                <a href=\"https:\/\/martorelli.com.br\/dialogoslegais\/abertura-do-mercado-livre-de-energia-para-a-baixa-tensao-o-que-estabelece-o-decreto-no-13-097-2026\/\">\n                                    <span class=\"frist-word\">Abertura<\/span> do mercado livre de energia para a baixa tens\u00e3o: o que estabelece o Decreto n\u00ba 13.097\/2026                                <\/a>\n\n                            <\/h1>\n                        \n\n                        \n                    <\/div>\n                \n                \n            <\/div>\n        <\/div>\n\n        \n                    \n                <\/li>\n\n\n            \n                    <\/ul>\n\n                    \n                    <div class=\"bdt-navigation-arrows bdt-position-large bdt-position-z-index reveal-muted bdt-position-center-left\">\n                <a class=\"bdt-prime-slider-previous\" href=\"#\" bdt-slidenav-previous bdt-slideshow-item=\"previous\"><\/a>\n\n                <ul class=\"bdt-slideshow-nav bdt-ps-dotnav bdt-dotnav bdt-dotnav-vertical\"><\/ul>\n\n                <a class=\"bdt-prime-slider-next\" href=\"#\" bdt-slidenav-next bdt-slideshow-item=\"next\"><\/a>\n            <\/div>\n        \n        \n                    \n                    <div class=\"bdt-thumb-wrapper bdt-position-bottom-center bdt-position-large \">\n            <div class=\"bdt-thumbnav-scroller\">\n                <ul class=\"bdt-slider-items\">\n                    \n            <li class=\"bdt-ps-thumbnav bdt-position-relative\" bdt-slideshow-item=\"0\">\n                <a href=\"#\">\n                    <div class=\"bdt-thumb-content\">\n                        \n            <img decoding=\"async\" src=\"https:\/\/martorelli.com.br\/dialogoslegais\/wp-content\/uploads\/2025\/09\/Fachada-Justica-Social-2.png\" alt=\"O julgamento da ADC 80 e os impactos da concess\u00e3o da gratuidade judici\u00e1ria no \u00e2mbito das a\u00e7\u00f5es banc\u00e1rias na Justi\u00e7a do Trabalho\">\n\n                                <span>O julgamento da ADC 80 e os impactos da concess\u00e3o da gratuidade judici\u00e1ria no \u00e2mbito das a\u00e7\u00f5es banc\u00e1rias na Justi\u00e7a do Trabalho<\/span>\n                    <\/div>\n                <\/a>\n                            <\/li>\n\n            \n            <li class=\"bdt-ps-thumbnav bdt-position-relative\" bdt-slideshow-item=\"1\">\n                <a href=\"#\">\n                    <div class=\"bdt-thumb-content\">\n                        \n            <img decoding=\"async\" src=\"https:\/\/martorelli.com.br\/dialogoslegais\/wp-content\/uploads\/2026\/09\/Padrao-Blog-Site-MA-51.png\" alt=\"Quando a intelig\u00eancia artificial faz mais, o que cabe a n\u00f3s decidir?\">\n\n                                <span>Quando a intelig\u00eancia artificial faz mais, o que cabe a n\u00f3s decidir?<\/span>\n                    <\/div>\n                <\/a>\n                            <\/li>\n\n            \n            <li class=\"bdt-ps-thumbnav bdt-position-relative\" bdt-slideshow-item=\"2\">\n                <a href=\"#\">\n                    <div class=\"bdt-thumb-content\">\n                        \n            <img decoding=\"async\" src=\"https:\/\/martorelli.com.br\/dialogoslegais\/wp-content\/uploads\/2026\/08\/Padrao-Blog-Site-MA-50.png\" alt=\"Justi\u00e7a manda Casas Bahia reverter demiss\u00f5es; veja como ficam os funcion\u00e1rios\">\n\n                                <span>Justi\u00e7a manda Casas Bahia reverter demiss\u00f5es; veja como ficam os funcion\u00e1rios<\/span>\n                    <\/div>\n                <\/a>\n                            <\/li>\n\n            \n            <li class=\"bdt-ps-thumbnav bdt-position-relative\" bdt-slideshow-item=\"3\">\n                <a href=\"#\">\n                    <div class=\"bdt-thumb-content\">\n                        \n            <img decoding=\"async\" src=\"https:\/\/martorelli.com.br\/dialogoslegais\/wp-content\/uploads\/2025\/10\/Padrao-Blog-Site-MA-14-1.png\" alt=\"Abertura do mercado livre de energia para a baixa tens\u00e3o: o que estabelece o Decreto n\u00ba 13.097\/2026\">\n\n                                <span>Abertura do mercado livre de energia para a baixa tens\u00e3o: o que estabelece o Decreto n\u00ba 13.097\/2026<\/span>\n                    <\/div>\n                <\/a>\n                            <\/li>\n\n            \n                    <\/ul>\n                <\/div>\n                <\/div>\n            \n        \n                <\/div>\n\n            <\/div>\n        <\/div>\n        \t\t\t\t<\/div>\n\t\t\t\t<\/div>\n\t\t\t\t<\/div>\n\t\t<div class=\"elementor-element elementor-element-d239af9 e-flex e-con-boxed e-con e-parent\" data-id=\"d239af9\" data-element_type=\"container\" data-e-type=\"container\" data-settings=\"{&quot;background_background&quot;:&quot;classic&quot;}\">\n\t\t\t\t\t<div class=\"e-con-inner\">\n\t\t\t\t<div class=\"elementor-element elementor-element-cd795b0 de_scroll_animation_no elementor-widget elementor-widget-heading\" data-id=\"cd795b0\" data-element_type=\"widget\" data-e-type=\"widget\" data-widget_type=\"heading.default\">\n\t\t\t\t<div class=\"elementor-widget-container\">\n\t\t\t\t\t<h3 class=\"elementor-heading-title elementor-size-default\">Confira abaixo os destaques e<br> as not\u00edcias mais lidas da semana:<\/h3>\t\t\t\t<\/div>\n\t\t\t\t<\/div>\n\t\t\t\t<div class=\"elementor-element elementor-element-d9cef9f elementor-posts--align-center elementor-grid-3 elementor-grid-tablet-2 elementor-grid-mobile-1 elementor-posts--thumbnail-top elementor-card-shadow-yes elementor-posts__hover-gradient de_scroll_animation_no elementor-widget elementor-widget-posts\" data-id=\"d9cef9f\" data-element_type=\"widget\" data-e-type=\"widget\" data-settings=\"{&quot;cards_row_gap&quot;:{&quot;unit&quot;:&quot;px&quot;,&quot;size&quot;:25,&quot;sizes&quot;:[]},&quot;cards_columns&quot;:&quot;3&quot;,&quot;cards_columns_tablet&quot;:&quot;2&quot;,&quot;cards_columns_mobile&quot;:&quot;1&quot;,&quot;cards_row_gap_tablet&quot;:{&quot;unit&quot;:&quot;px&quot;,&quot;size&quot;:&quot;&quot;,&quot;sizes&quot;:[]},&quot;cards_row_gap_mobile&quot;:{&quot;unit&quot;:&quot;px&quot;,&quot;size&quot;:&quot;&quot;,&quot;sizes&quot;:[]}}\" data-widget_type=\"posts.cards\">\n\t\t\t\t<div class=\"elementor-widget-container\">\n\t\t\t\t\t\t\t<div class=\"elementor-posts-container elementor-posts elementor-posts--skin-cards elementor-grid\" role=\"list\">\n\t\t\t\t<article class=\"elementor-post elementor-grid-item post-2066 post type-post status-publish format-standard has-post-thumbnail hentry category-trabalhista\" role=\"listitem\">\n\t\t\t<div class=\"elementor-post__card\">\n\t\t\t\t<a class=\"elementor-post__thumbnail__link\" href=\"https:\/\/martorelli.com.br\/dialogoslegais\/o-julgamento-da-adc-80-e-os-impactos-da-concessao-da-gratuidade-judiciaria-no-ambito-das-acoes-bancarias-na-justica-do-trabalho\/\" tabindex=\"-1\" ><div class=\"elementor-post__thumbnail\"><img decoding=\"async\" src=\"https:\/\/martorelli.com.br\/dialogoslegais\/wp-content\/uploads\/2025\/09\/Fachada-Justica-Social-2.png\" class=\"attachment-full size-full wp-image-1612\" alt=\"\" \/><\/div><\/a>\n\t\t\t\t<div class=\"elementor-post__badge\">Trabalhista<\/div>\n\t\t\t\t<div class=\"elementor-post__text\">\n\t\t\t\t<h3 class=\"elementor-post__title\">\n\t\t\t<a href=\"https:\/\/martorelli.com.br\/dialogoslegais\/o-julgamento-da-adc-80-e-os-impactos-da-concessao-da-gratuidade-judiciaria-no-ambito-das-acoes-bancarias-na-justica-do-trabalho\/\" >\n\t\t\t\tO julgamento da ADC 80 e os impactos da concess\u00e3o da gratuidade judici\u00e1ria no \u00e2mbito das a\u00e7\u00f5es banc\u00e1rias na Justi\u00e7a do Trabalho\t\t\t<\/a>\n\t\t<\/h3>\n\t\t\t\t\t<div class=\"elementor-post__read-more-wrapper\">\n\t\t\n\t\t<a class=\"elementor-post__read-more\" href=\"https:\/\/martorelli.com.br\/dialogoslegais\/o-julgamento-da-adc-80-e-os-impactos-da-concessao-da-gratuidade-judiciaria-no-ambito-das-acoes-bancarias-na-justica-do-trabalho\/\" aria-label=\"Read more about O julgamento da ADC 80 e os impactos da concess\u00e3o da gratuidade judici\u00e1ria no \u00e2mbito das a\u00e7\u00f5es banc\u00e1rias na Justi\u00e7a do Trabalho\" tabindex=\"-1\" >\n\t\t\tSaiba mais\t\t<\/a>\n\n\t\t\t\t\t<\/div>\n\t\t\t\t<\/div>\n\t\t\t\t\t<\/div>\n\t\t<\/article>\n\t\t\t\t<article class=\"elementor-post elementor-grid-item post-2062 post type-post status-publish format-standard has-post-thumbnail hentry category-institucional\" role=\"listitem\">\n\t\t\t<div class=\"elementor-post__card\">\n\t\t\t\t<a class=\"elementor-post__thumbnail__link\" href=\"https:\/\/martorelli.com.br\/dialogoslegais\/quando-a-inteligencia-artificial-faz-mais-o-que-cabe-a-nos-decidir\/\" tabindex=\"-1\" ><div class=\"elementor-post__thumbnail\"><img fetchpriority=\"high\" decoding=\"async\" width=\"2560\" height=\"1707\" src=\"https:\/\/martorelli.com.br\/dialogoslegais\/wp-content\/uploads\/2026\/09\/Padrao-Blog-Site-MA-51.png\" class=\"attachment-full size-full wp-image-2063\" alt=\"\" srcset=\"https:\/\/martorelli.com.br\/dialogoslegais\/wp-content\/uploads\/2026\/09\/Padrao-Blog-Site-MA-51.png 2560w, https:\/\/martorelli.com.br\/dialogoslegais\/wp-content\/uploads\/2026\/09\/Padrao-Blog-Site-MA-51-300x200.png 300w, https:\/\/martorelli.com.br\/dialogoslegais\/wp-content\/uploads\/2026\/09\/Padrao-Blog-Site-MA-51-1024x683.png 1024w, https:\/\/martorelli.com.br\/dialogoslegais\/wp-content\/uploads\/2026\/09\/Padrao-Blog-Site-MA-51-768x512.png 768w, https:\/\/martorelli.com.br\/dialogoslegais\/wp-content\/uploads\/2026\/09\/Padrao-Blog-Site-MA-51-1536x1024.png 1536w, https:\/\/martorelli.com.br\/dialogoslegais\/wp-content\/uploads\/2026\/09\/Padrao-Blog-Site-MA-51-2048x1366.png 2048w\" sizes=\"(max-width: 2560px) 100vw, 2560px\" \/><\/div><\/a>\n\t\t\t\t<div class=\"elementor-post__badge\">Institucional<\/div>\n\t\t\t\t<div class=\"elementor-post__text\">\n\t\t\t\t<h3 class=\"elementor-post__title\">\n\t\t\t<a href=\"https:\/\/martorelli.com.br\/dialogoslegais\/quando-a-inteligencia-artificial-faz-mais-o-que-cabe-a-nos-decidir\/\" >\n\t\t\t\tQuando a intelig\u00eancia artificial faz mais, o que cabe a n\u00f3s decidir?\t\t\t<\/a>\n\t\t<\/h3>\n\t\t\t\t\t<div class=\"elementor-post__read-more-wrapper\">\n\t\t\n\t\t<a class=\"elementor-post__read-more\" href=\"https:\/\/martorelli.com.br\/dialogoslegais\/quando-a-inteligencia-artificial-faz-mais-o-que-cabe-a-nos-decidir\/\" aria-label=\"Read more about Quando a intelig\u00eancia artificial faz mais, o que cabe a n\u00f3s decidir?\" tabindex=\"-1\" >\n\t\t\tSaiba mais\t\t<\/a>\n\n\t\t\t\t\t<\/div>\n\t\t\t\t<\/div>\n\t\t\t\t\t<\/div>\n\t\t<\/article>\n\t\t\t\t<article class=\"elementor-post elementor-grid-item post-2057 post type-post status-publish format-standard has-post-thumbnail hentry category-trabalhista\" role=\"listitem\">\n\t\t\t<div class=\"elementor-post__card\">\n\t\t\t\t<a class=\"elementor-post__thumbnail__link\" href=\"https:\/\/martorelli.com.br\/dialogoslegais\/justica-manda-casas-bahia-reverter-demissoes-veja-como-ficam-os-funcionarios\/\" tabindex=\"-1\" ><div class=\"elementor-post__thumbnail\"><img decoding=\"async\" width=\"2560\" height=\"1707\" src=\"https:\/\/martorelli.com.br\/dialogoslegais\/wp-content\/uploads\/2026\/08\/Padrao-Blog-Site-MA-50.png\" class=\"attachment-full size-full wp-image-2058\" alt=\"\" srcset=\"https:\/\/martorelli.com.br\/dialogoslegais\/wp-content\/uploads\/2026\/08\/Padrao-Blog-Site-MA-50.png 2560w, https:\/\/martorelli.com.br\/dialogoslegais\/wp-content\/uploads\/2026\/08\/Padrao-Blog-Site-MA-50-300x200.png 300w, https:\/\/martorelli.com.br\/dialogoslegais\/wp-content\/uploads\/2026\/08\/Padrao-Blog-Site-MA-50-1024x683.png 1024w, https:\/\/martorelli.com.br\/dialogoslegais\/wp-content\/uploads\/2026\/08\/Padrao-Blog-Site-MA-50-768x512.png 768w, https:\/\/martorelli.com.br\/dialogoslegais\/wp-content\/uploads\/2026\/08\/Padrao-Blog-Site-MA-50-1536x1024.png 1536w, https:\/\/martorelli.com.br\/dialogoslegais\/wp-content\/uploads\/2026\/08\/Padrao-Blog-Site-MA-50-2048x1366.png 2048w\" sizes=\"(max-width: 2560px) 100vw, 2560px\" \/><\/div><\/a>\n\t\t\t\t<div class=\"elementor-post__badge\">Trabalhista<\/div>\n\t\t\t\t<div class=\"elementor-post__text\">\n\t\t\t\t<h3 class=\"elementor-post__title\">\n\t\t\t<a href=\"https:\/\/martorelli.com.br\/dialogoslegais\/justica-manda-casas-bahia-reverter-demissoes-veja-como-ficam-os-funcionarios\/\" >\n\t\t\t\tJusti\u00e7a manda Casas Bahia reverter demiss\u00f5es; veja como ficam os funcion\u00e1rios\t\t\t<\/a>\n\t\t<\/h3>\n\t\t\t\t\t<div class=\"elementor-post__read-more-wrapper\">\n\t\t\n\t\t<a class=\"elementor-post__read-more\" href=\"https:\/\/martorelli.com.br\/dialogoslegais\/justica-manda-casas-bahia-reverter-demissoes-veja-como-ficam-os-funcionarios\/\" aria-label=\"Read more about Justi\u00e7a manda Casas Bahia reverter demiss\u00f5es; veja como ficam os funcion\u00e1rios\" tabindex=\"-1\" >\n\t\t\tSaiba mais\t\t<\/a>\n\n\t\t\t\t\t<\/div>\n\t\t\t\t<\/div>\n\t\t\t\t\t<\/div>\n\t\t<\/article>\n\t\t\t\t<article class=\"elementor-post elementor-grid-item post-2055 post type-post status-publish format-standard has-post-thumbnail hentry category-trabalhista\" role=\"listitem\">\n\t\t\t<div class=\"elementor-post__card\">\n\t\t\t\t<a class=\"elementor-post__thumbnail__link\" href=\"https:\/\/martorelli.com.br\/dialogoslegais\/abertura-do-mercado-livre-de-energia-para-a-baixa-tensao-o-que-estabelece-o-decreto-no-13-097-2026\/\" tabindex=\"-1\" ><div class=\"elementor-post__thumbnail\"><img decoding=\"async\" width=\"2560\" height=\"1707\" src=\"https:\/\/martorelli.com.br\/dialogoslegais\/wp-content\/uploads\/2025\/10\/Padrao-Blog-Site-MA-14-1.png\" class=\"attachment-full size-full wp-image-1642\" alt=\"\" srcset=\"https:\/\/martorelli.com.br\/dialogoslegais\/wp-content\/uploads\/2025\/10\/Padrao-Blog-Site-MA-14-1.png 2560w, https:\/\/martorelli.com.br\/dialogoslegais\/wp-content\/uploads\/2025\/10\/Padrao-Blog-Site-MA-14-1-300x200.png 300w, https:\/\/martorelli.com.br\/dialogoslegais\/wp-content\/uploads\/2025\/10\/Padrao-Blog-Site-MA-14-1-1024x683.png 1024w, https:\/\/martorelli.com.br\/dialogoslegais\/wp-content\/uploads\/2025\/10\/Padrao-Blog-Site-MA-14-1-768x512.png 768w, https:\/\/martorelli.com.br\/dialogoslegais\/wp-content\/uploads\/2025\/10\/Padrao-Blog-Site-MA-14-1-1536x1024.png 1536w, https:\/\/martorelli.com.br\/dialogoslegais\/wp-content\/uploads\/2025\/10\/Padrao-Blog-Site-MA-14-1-2048x1366.png 2048w\" sizes=\"(max-width: 2560px) 100vw, 2560px\" \/><\/div><\/a>\n\t\t\t\t<div class=\"elementor-post__badge\">Trabalhista<\/div>\n\t\t\t\t<div class=\"elementor-post__text\">\n\t\t\t\t<h3 class=\"elementor-post__title\">\n\t\t\t<a href=\"https:\/\/martorelli.com.br\/dialogoslegais\/abertura-do-mercado-livre-de-energia-para-a-baixa-tensao-o-que-estabelece-o-decreto-no-13-097-2026\/\" >\n\t\t\t\tAbertura do mercado livre de energia para a baixa tens\u00e3o: o que estabelece o Decreto n\u00ba 13.097\/2026\t\t\t<\/a>\n\t\t<\/h3>\n\t\t\t\t\t<div class=\"elementor-post__read-more-wrapper\">\n\t\t\n\t\t<a class=\"elementor-post__read-more\" href=\"https:\/\/martorelli.com.br\/dialogoslegais\/abertura-do-mercado-livre-de-energia-para-a-baixa-tensao-o-que-estabelece-o-decreto-no-13-097-2026\/\" aria-label=\"Read more about Abertura do mercado livre de energia para a baixa tens\u00e3o: o que estabelece o Decreto n\u00ba 13.097\/2026\" tabindex=\"-1\" >\n\t\t\tSaiba mais\t\t<\/a>\n\n\t\t\t\t\t<\/div>\n\t\t\t\t<\/div>\n\t\t\t\t\t<\/div>\n\t\t<\/article>\n\t\t\t\t<article class=\"elementor-post elementor-grid-item post-2030 post type-post status-publish format-standard has-post-thumbnail hentry category-expansao-e-inovacao\" role=\"listitem\">\n\t\t\t<div class=\"elementor-post__card\">\n\t\t\t\t<a class=\"elementor-post__thumbnail__link\" href=\"https:\/\/martorelli.com.br\/dialogoslegais\/emenda-53-do-stj-o-resumo-obrigatorio-e-uma-nova-leitura-sobre-a-comunicacao-juridica\/\" tabindex=\"-1\" ><div class=\"elementor-post__thumbnail\"><img loading=\"lazy\" decoding=\"async\" width=\"2560\" height=\"1708\" src=\"https:\/\/martorelli.com.br\/dialogoslegais\/wp-content\/uploads\/2025\/07\/iStock-1496613385-scaled.jpg\" class=\"attachment-full size-full wp-image-1535\" alt=\"\" srcset=\"https:\/\/martorelli.com.br\/dialogoslegais\/wp-content\/uploads\/2025\/07\/iStock-1496613385-scaled.jpg 2560w, https:\/\/martorelli.com.br\/dialogoslegais\/wp-content\/uploads\/2025\/07\/iStock-1496613385-300x200.jpg 300w, https:\/\/martorelli.com.br\/dialogoslegais\/wp-content\/uploads\/2025\/07\/iStock-1496613385-1024x683.jpg 1024w, https:\/\/martorelli.com.br\/dialogoslegais\/wp-content\/uploads\/2025\/07\/iStock-1496613385-768x512.jpg 768w, https:\/\/martorelli.com.br\/dialogoslegais\/wp-content\/uploads\/2025\/07\/iStock-1496613385-1536x1025.jpg 1536w, https:\/\/martorelli.com.br\/dialogoslegais\/wp-content\/uploads\/2025\/07\/iStock-1496613385-2048x1366.jpg 2048w\" sizes=\"(max-width: 2560px) 100vw, 2560px\" \/><\/div><\/a>\n\t\t\t\t<div class=\"elementor-post__badge\">Expans\u00e3o e Inova\u00e7\u00e3o<\/div>\n\t\t\t\t<div class=\"elementor-post__text\">\n\t\t\t\t<h3 class=\"elementor-post__title\">\n\t\t\t<a href=\"https:\/\/martorelli.com.br\/dialogoslegais\/emenda-53-do-stj-o-resumo-obrigatorio-e-uma-nova-leitura-sobre-a-comunicacao-juridica\/\" >\n\t\t\t\tEmenda 53 do STJ: O resumo obrigat\u00f3rio e uma nova leitura sobre a comunica\u00e7\u00e3o jur\u00eddica.\t\t\t<\/a>\n\t\t<\/h3>\n\t\t\t\t\t<div class=\"elementor-post__read-more-wrapper\">\n\t\t\n\t\t<a class=\"elementor-post__read-more\" href=\"https:\/\/martorelli.com.br\/dialogoslegais\/emenda-53-do-stj-o-resumo-obrigatorio-e-uma-nova-leitura-sobre-a-comunicacao-juridica\/\" aria-label=\"Read more about Emenda 53 do STJ: O resumo obrigat\u00f3rio e uma nova leitura sobre a comunica\u00e7\u00e3o jur\u00eddica.\" tabindex=\"-1\" >\n\t\t\tSaiba mais\t\t<\/a>\n\n\t\t\t\t\t<\/div>\n\t\t\t\t<\/div>\n\t\t\t\t\t<\/div>\n\t\t<\/article>\n\t\t\t\t<article class=\"elementor-post elementor-grid-item post-2027 post type-post status-publish format-standard has-post-thumbnail hentry category-trabalhista\" role=\"listitem\">\n\t\t\t<div class=\"elementor-post__card\">\n\t\t\t\t<a class=\"elementor-post__thumbnail__link\" href=\"https:\/\/martorelli.com.br\/dialogoslegais\/ferias-coletivas-em-julho-quem-decide-como-funciona-e-quais-sao-os-direitos-do-trabalhador\/\" tabindex=\"-1\" ><div class=\"elementor-post__thumbnail\"><img loading=\"lazy\" decoding=\"async\" width=\"1080\" height=\"800\" src=\"https:\/\/martorelli.com.br\/dialogoslegais\/wp-content\/uploads\/2025\/07\/M-A-Base-Novo-entrante.png\" class=\"attachment-full size-full wp-image-1499\" alt=\"\" srcset=\"https:\/\/martorelli.com.br\/dialogoslegais\/wp-content\/uploads\/2025\/07\/M-A-Base-Novo-entrante.png 1080w, https:\/\/martorelli.com.br\/dialogoslegais\/wp-content\/uploads\/2025\/07\/M-A-Base-Novo-entrante-300x222.png 300w, https:\/\/martorelli.com.br\/dialogoslegais\/wp-content\/uploads\/2025\/07\/M-A-Base-Novo-entrante-1024x759.png 1024w, https:\/\/martorelli.com.br\/dialogoslegais\/wp-content\/uploads\/2025\/07\/M-A-Base-Novo-entrante-768x569.png 768w\" sizes=\"(max-width: 1080px) 100vw, 1080px\" \/><\/div><\/a>\n\t\t\t\t<div class=\"elementor-post__badge\">Trabalhista<\/div>\n\t\t\t\t<div class=\"elementor-post__text\">\n\t\t\t\t<h3 class=\"elementor-post__title\">\n\t\t\t<a href=\"https:\/\/martorelli.com.br\/dialogoslegais\/ferias-coletivas-em-julho-quem-decide-como-funciona-e-quais-sao-os-direitos-do-trabalhador\/\" >\n\t\t\t\tF\u00e9rias coletivas em julho: quem decide, como funciona e quais s\u00e3o os direitos do trabalhador?\t\t\t<\/a>\n\t\t<\/h3>\n\t\t\t\t\t<div class=\"elementor-post__read-more-wrapper\">\n\t\t\n\t\t<a class=\"elementor-post__read-more\" href=\"https:\/\/martorelli.com.br\/dialogoslegais\/ferias-coletivas-em-julho-quem-decide-como-funciona-e-quais-sao-os-direitos-do-trabalhador\/\" aria-label=\"Read more about F\u00e9rias coletivas em julho: quem decide, como funciona e quais s\u00e3o os direitos do trabalhador?\" tabindex=\"-1\" >\n\t\t\tSaiba mais\t\t<\/a>\n\n\t\t\t\t\t<\/div>\n\t\t\t\t<\/div>\n\t\t\t\t\t<\/div>\n\t\t<\/article>\n\t\t\t\t<\/div>\n\t\t\n\t\t\t\t<div class=\"e-load-more-anchor\" data-page=\"1\" data-max-page=\"32\" data-next-page=\"https:\/\/martorelli.com.br\/dialogoslegais\/?e-page-d9cef9f=2\"><\/div>\n\t\t\t\t<nav class=\"elementor-pagination\" aria-label=\"Pagination\">\n\t\t\t<span class=\"page-numbers prev\">&laquo; Anterior<\/span>\n<a class=\"page-numbers next\" href=\"https:\/\/martorelli.com.br\/dialogoslegais\/?e-page-d9cef9f=2\">Pr\u00f3ximo &raquo;<\/a>\t\t<\/nav>\n\t\t\t\t\t\t<\/div>\n\t\t\t\t<\/div>\n\t\t\t\t\t<\/div>\n\t\t\t\t<\/div>\n\t\t<div class=\"elementor-element elementor-element-3402641 e-con-full e-flex e-con e-parent\" data-id=\"3402641\" data-element_type=\"container\" data-e-type=\"container\" data-settings=\"{&quot;background_background&quot;:&quot;classic&quot;}\">\n\t\t<div class=\"elementor-element elementor-element-11e7544 e-flex e-con-boxed e-con e-child\" data-id=\"11e7544\" data-element_type=\"container\" data-e-type=\"container\">\n\t\t\t\t\t<div class=\"e-con-inner\">\n\t\t\t\t<div class=\"elementor-element elementor-element-b949baf de_scroll_animation_no elementor-invisible elementor-widget elementor-widget-heading\" data-id=\"b949baf\" data-element_type=\"widget\" data-e-type=\"widget\" data-settings=\"{&quot;_animation&quot;:&quot;fadeInUp&quot;}\" data-widget_type=\"heading.default\">\n\t\t\t\t<div class=\"elementor-widget-container\">\n\t\t\t\t\t<h2 class=\"elementor-heading-title elementor-size-default\">Deseja saber mais sobre <br> a nossa atua\u00e7\u00e3o?<\/h2>\t\t\t\t<\/div>\n\t\t\t\t<\/div>\n\t\t\t\t<div class=\"elementor-element elementor-element-d4a0635 elementor-button-info elementor-align-left de_scroll_animation_no elementor-invisible elementor-widget elementor-widget-button\" data-id=\"d4a0635\" data-element_type=\"widget\" data-e-type=\"widget\" data-settings=\"{&quot;_animation&quot;:&quot;fadeInLeft&quot;}\" data-widget_type=\"button.default\">\n\t\t\t\t<div class=\"elementor-widget-container\">\n\t\t\t\t\t\t\t\t\t<div class=\"elementor-button-wrapper\">\n\t\t\t\t\t<a class=\"elementor-button elementor-button-link elementor-size-sm\" href=\"https:\/\/martorelli.com.br\/#atuacao\">\n\t\t\t\t\t\t<span class=\"elementor-button-content-wrapper\">\n\t\t\t\t\t\t<span class=\"elementor-button-icon\">\n\t\t\t\t<i aria-hidden=\"true\" class=\"icon icon-right-arrow\"><\/i>\t\t\t<\/span>\n\t\t\t\t\t\t\t\t\t<span class=\"elementor-button-text\">Clique aqui e confira o nosso website<\/span>\n\t\t\t\t\t<\/span>\n\t\t\t\t\t<\/a>\n\t\t\t\t<\/div>\n\t\t\t\t\t\t\t\t<\/div>\n\t\t\t\t<\/div>\n\t\t\t\t\t<\/div>\n\t\t\t\t<\/div>\n\t\t<div class=\"elementor-element elementor-element-e4e9b73 e-flex e-con-boxed e-con e-child\" data-id=\"e4e9b73\" data-element_type=\"container\" data-e-type=\"container\" data-settings=\"{&quot;background_background&quot;:&quot;classic&quot;}\">\n\t\t\t\t\t<div class=\"e-con-inner\">\n\t\t\t\t\t<\/div>\n\t\t\t\t<\/div>\n\t\t\t\t<\/div>\n\t\t\t\t<\/div>\n\t\t","protected":false},"excerpt":{"rendered":"<p>Insolv\u00eancia e Special Situations J\u00e1der Lemos fala sobre &#8220;O regime<\/p>\n","protected":false},"author":2,"featured_media":0,"parent":0,"menu_order":0,"comment_status":"closed","ping_status":"closed","template":"elementor_header_footer","meta":{"footnotes":""},"ppma_author":[22],"class_list":["post-125","page","type-page","status-publish","hentry"],"yoast_head":"<!-- This site is optimized with the Yoast SEO plugin v27.5 - https:\/\/yoast.com\/product\/yoast-seo-wordpress\/ -->\n<title>Home - Blog Di\u00e1logos Legais<\/title>\n<meta name=\"robots\" content=\"index, follow, max-snippet:-1, max-image-preview:large, max-video-preview:-1\" \/>\n<link rel=\"canonical\" href=\"https:\/\/martorelli.com.br\/dialogoslegais\/\" \/>\n<meta property=\"og:locale\" content=\"pt_PT\" \/>\n<meta property=\"og:type\" content=\"article\" \/>\n<meta property=\"og:title\" content=\"Home - Blog Di\u00e1logos Legais\" \/>\n<meta property=\"og:description\" content=\"Insolv\u00eancia e Special Situations J\u00e1der Lemos fala sobre &#8220;O regime\" \/>\n<meta property=\"og:url\" content=\"https:\/\/martorelli.com.br\/dialogoslegais\/\" \/>\n<meta property=\"og:site_name\" content=\"Blog Di\u00e1logos Legais\" \/>\n<meta property=\"article:modified_time\" content=\"2026-05-08T18:20:04+00:00\" \/>\n<meta property=\"og:image\" content=\"https:\/\/martorelli.com.br\/dialogoslegais\/wp-content\/uploads\/2026\/05\/M-A-Capa-de-texto-Jader.png\" \/>\n\t<meta property=\"og:image:width\" content=\"1536\" \/>\n\t<meta property=\"og:image:height\" content=\"1024\" \/>\n\t<meta property=\"og:image:type\" content=\"image\/png\" \/>\n<meta name=\"twitter:card\" content=\"summary_large_image\" \/>\n<meta name=\"twitter:label1\" content=\"Tempo estimado de leitura\" \/>\n\t<meta name=\"twitter:data1\" content=\"4 minutos\" \/>\n<script type=\"application\/ld+json\" class=\"yoast-schema-graph\">{\"@context\":\"https:\\\/\\\/schema.org\",\"@graph\":[{\"@type\":\"WebPage\",\"@id\":\"https:\\\/\\\/martorelli.com.br\\\/dialogoslegais\\\/\",\"url\":\"https:\\\/\\\/martorelli.com.br\\\/dialogoslegais\\\/\",\"name\":\"Home - Blog Di\u00e1logos Legais\",\"isPartOf\":{\"@id\":\"https:\\\/\\\/martorelli.com.br\\\/dialogoslegais\\\/#website\"},\"primaryImageOfPage\":{\"@id\":\"https:\\\/\\\/martorelli.com.br\\\/dialogoslegais\\\/#primaryimage\"},\"image\":{\"@id\":\"https:\\\/\\\/martorelli.com.br\\\/dialogoslegais\\\/#primaryimage\"},\"thumbnailUrl\":\"https:\\\/\\\/martorelli.com.br\\\/dialogoslegais\\\/wp-content\\\/uploads\\\/2026\\\/05\\\/M-A-Capa-de-texto-Jader.png\",\"datePublished\":\"2024-01-25T18:42:33+00:00\",\"dateModified\":\"2026-05-08T18:20:04+00:00\",\"breadcrumb\":{\"@id\":\"https:\\\/\\\/martorelli.com.br\\\/dialogoslegais\\\/#breadcrumb\"},\"inLanguage\":\"pt-PT\",\"potentialAction\":[{\"@type\":\"ReadAction\",\"target\":[\"https:\\\/\\\/martorelli.com.br\\\/dialogoslegais\\\/\"]}]},{\"@type\":\"ImageObject\",\"inLanguage\":\"pt-PT\",\"@id\":\"https:\\\/\\\/martorelli.com.br\\\/dialogoslegais\\\/#primaryimage\",\"url\":\"https:\\\/\\\/martorelli.com.br\\\/dialogoslegais\\\/wp-content\\\/uploads\\\/2026\\\/05\\\/M-A-Capa-de-texto-Jader.png\",\"contentUrl\":\"https:\\\/\\\/martorelli.com.br\\\/dialogoslegais\\\/wp-content\\\/uploads\\\/2026\\\/05\\\/M-A-Capa-de-texto-Jader.png\",\"width\":1536,\"height\":1024},{\"@type\":\"BreadcrumbList\",\"@id\":\"https:\\\/\\\/martorelli.com.br\\\/dialogoslegais\\\/#breadcrumb\",\"itemListElement\":[{\"@type\":\"ListItem\",\"position\":1,\"name\":\"In\u00edcio\",\"item\":\"https:\\\/\\\/martorelli.com.br\\\/dialogoslegais\\\/\"},{\"@type\":\"ListItem\",\"position\":2,\"name\":\"Home\"}]},{\"@type\":\"WebSite\",\"@id\":\"https:\\\/\\\/martorelli.com.br\\\/dialogoslegais\\\/#website\",\"url\":\"https:\\\/\\\/martorelli.com.br\\\/dialogoslegais\\\/\",\"name\":\"Blog Di\u00e1logos Legais\",\"description\":\"Rela\u00e7\u00f5es Inspiradoras. Advocacia em Movimento.\",\"publisher\":{\"@id\":\"https:\\\/\\\/martorelli.com.br\\\/dialogoslegais\\\/#organization\"},\"potentialAction\":[{\"@type\":\"SearchAction\",\"target\":{\"@type\":\"EntryPoint\",\"urlTemplate\":\"https:\\\/\\\/martorelli.com.br\\\/dialogoslegais\\\/?s={search_term_string}\"},\"query-input\":{\"@type\":\"PropertyValueSpecification\",\"valueRequired\":true,\"valueName\":\"search_term_string\"}}],\"inLanguage\":\"pt-PT\"},{\"@type\":\"Organization\",\"@id\":\"https:\\\/\\\/martorelli.com.br\\\/dialogoslegais\\\/#organization\",\"name\":\"Blog Di\u00e1logos Legais\",\"url\":\"https:\\\/\\\/martorelli.com.br\\\/dialogoslegais\\\/\",\"logo\":{\"@type\":\"ImageObject\",\"inLanguage\":\"pt-PT\",\"@id\":\"https:\\\/\\\/martorelli.com.br\\\/dialogoslegais\\\/#\\\/schema\\\/logo\\\/image\\\/\",\"url\":\"https:\\\/\\\/martorelli.com.br\\\/dialogoslegais\\\/wp-content\\\/uploads\\\/2024\\\/01\\\/Prancheta-1-scaled.webp\",\"contentUrl\":\"https:\\\/\\\/martorelli.com.br\\\/dialogoslegais\\\/wp-content\\\/uploads\\\/2024\\\/01\\\/Prancheta-1-scaled.webp\",\"width\":2560,\"height\":2560,\"caption\":\"Blog Di\u00e1logos Legais\"},\"image\":{\"@id\":\"https:\\\/\\\/martorelli.com.br\\\/dialogoslegais\\\/#\\\/schema\\\/logo\\\/image\\\/\"},\"sameAs\":[\"https:\\\/\\\/www.instagram.com\\\/martorelliadvogados\\\/\"]}]}<\/script>\n<!-- \/ Yoast SEO plugin. -->","yoast_head_json":{"title":"Home - Blog Di\u00e1logos Legais","robots":{"index":"index","follow":"follow","max-snippet":"max-snippet:-1","max-image-preview":"max-image-preview:large","max-video-preview":"max-video-preview:-1"},"canonical":"https:\/\/martorelli.com.br\/dialogoslegais\/","og_locale":"pt_PT","og_type":"article","og_title":"Home - Blog Di\u00e1logos Legais","og_description":"Insolv\u00eancia e Special Situations J\u00e1der Lemos fala sobre &#8220;O regime","og_url":"https:\/\/martorelli.com.br\/dialogoslegais\/","og_site_name":"Blog Di\u00e1logos Legais","article_modified_time":"2026-05-08T18:20:04+00:00","og_image":[{"width":1536,"height":1024,"url":"https:\/\/martorelli.com.br\/dialogoslegais\/wp-content\/uploads\/2026\/05\/M-A-Capa-de-texto-Jader.png","type":"image\/png"}],"twitter_card":"summary_large_image","twitter_misc":{"Tempo estimado de leitura":"4 minutos"},"schema":{"@context":"https:\/\/schema.org","@graph":[{"@type":"WebPage","@id":"https:\/\/martorelli.com.br\/dialogoslegais\/","url":"https:\/\/martorelli.com.br\/dialogoslegais\/","name":"Home - Blog Di\u00e1logos Legais","isPartOf":{"@id":"https:\/\/martorelli.com.br\/dialogoslegais\/#website"},"primaryImageOfPage":{"@id":"https:\/\/martorelli.com.br\/dialogoslegais\/#primaryimage"},"image":{"@id":"https:\/\/martorelli.com.br\/dialogoslegais\/#primaryimage"},"thumbnailUrl":"https:\/\/martorelli.com.br\/dialogoslegais\/wp-content\/uploads\/2026\/05\/M-A-Capa-de-texto-Jader.png","datePublished":"2024-01-25T18:42:33+00:00","dateModified":"2026-05-08T18:20:04+00:00","breadcrumb":{"@id":"https:\/\/martorelli.com.br\/dialogoslegais\/#breadcrumb"},"inLanguage":"pt-PT","potentialAction":[{"@type":"ReadAction","target":["https:\/\/martorelli.com.br\/dialogoslegais\/"]}]},{"@type":"ImageObject","inLanguage":"pt-PT","@id":"https:\/\/martorelli.com.br\/dialogoslegais\/#primaryimage","url":"https:\/\/martorelli.com.br\/dialogoslegais\/wp-content\/uploads\/2026\/05\/M-A-Capa-de-texto-Jader.png","contentUrl":"https:\/\/martorelli.com.br\/dialogoslegais\/wp-content\/uploads\/2026\/05\/M-A-Capa-de-texto-Jader.png","width":1536,"height":1024},{"@type":"BreadcrumbList","@id":"https:\/\/martorelli.com.br\/dialogoslegais\/#breadcrumb","itemListElement":[{"@type":"ListItem","position":1,"name":"In\u00edcio","item":"https:\/\/martorelli.com.br\/dialogoslegais\/"},{"@type":"ListItem","position":2,"name":"Home"}]},{"@type":"WebSite","@id":"https:\/\/martorelli.com.br\/dialogoslegais\/#website","url":"https:\/\/martorelli.com.br\/dialogoslegais\/","name":"Blog Di\u00e1logos Legais","description":"Rela\u00e7\u00f5es Inspiradoras. Advocacia em Movimento.","publisher":{"@id":"https:\/\/martorelli.com.br\/dialogoslegais\/#organization"},"potentialAction":[{"@type":"SearchAction","target":{"@type":"EntryPoint","urlTemplate":"https:\/\/martorelli.com.br\/dialogoslegais\/?s={search_term_string}"},"query-input":{"@type":"PropertyValueSpecification","valueRequired":true,"valueName":"search_term_string"}}],"inLanguage":"pt-PT"},{"@type":"Organization","@id":"https:\/\/martorelli.com.br\/dialogoslegais\/#organization","name":"Blog Di\u00e1logos Legais","url":"https:\/\/martorelli.com.br\/dialogoslegais\/","logo":{"@type":"ImageObject","inLanguage":"pt-PT","@id":"https:\/\/martorelli.com.br\/dialogoslegais\/#\/schema\/logo\/image\/","url":"https:\/\/martorelli.com.br\/dialogoslegais\/wp-content\/uploads\/2024\/01\/Prancheta-1-scaled.webp","contentUrl":"https:\/\/martorelli.com.br\/dialogoslegais\/wp-content\/uploads\/2024\/01\/Prancheta-1-scaled.webp","width":2560,"height":2560,"caption":"Blog Di\u00e1logos Legais"},"image":{"@id":"https:\/\/martorelli.com.br\/dialogoslegais\/#\/schema\/logo\/image\/"},"sameAs":["https:\/\/www.instagram.com\/martorelliadvogados\/"]}]}},"_links":{"self":[{"href":"https:\/\/martorelli.com.br\/dialogoslegais\/wp-json\/wp\/v2\/pages\/125","targetHints":{"allow":["GET"]}}],"collection":[{"href":"https:\/\/martorelli.com.br\/dialogoslegais\/wp-json\/wp\/v2\/pages"}],"about":[{"href":"https:\/\/martorelli.com.br\/dialogoslegais\/wp-json\/wp\/v2\/types\/page"}],"author":[{"embeddable":true,"href":"https:\/\/martorelli.com.br\/dialogoslegais\/wp-json\/wp\/v2\/users\/2"}],"replies":[{"embeddable":true,"href":"https:\/\/martorelli.com.br\/dialogoslegais\/wp-json\/wp\/v2\/comments?post=125"}],"version-history":[{"count":312,"href":"https:\/\/martorelli.com.br\/dialogoslegais\/wp-json\/wp\/v2\/pages\/125\/revisions"}],"predecessor-version":[{"id":1895,"href":"https:\/\/martorelli.com.br\/dialogoslegais\/wp-json\/wp\/v2\/pages\/125\/revisions\/1895"}],"wp:attachment":[{"href":"https:\/\/martorelli.com.br\/dialogoslegais\/wp-json\/wp\/v2\/media?parent=125"}],"wp:term":[{"taxonomy":"author","embeddable":true,"href":"https:\/\/martorelli.com.br\/dialogoslegais\/wp-json\/wp\/v2\/ppma_author?post=125"}],"curies":[{"name":"wp","href":"https:\/\/api.w.org\/{rel}","templated":true}]}}